{"id":43,"date":"2019-08-27T16:42:41","date_gmt":"2019-08-27T14:42:41","guid":{"rendered":"https:\/\/preventionsida.org\/?page_id=43"},"modified":"2025-06-10T09:11:52","modified_gmt":"2025-06-10T07:11:52","slug":"nous-connaitre","status":"publish","type":"page","link":"https:\/\/preventionsida.org\/fr\/nous-connaitre\/","title":{"rendered":"Nous conna\u00eetre"},"content":{"rendered":"","protected":false},"excerpt":{"rendered":"","protected":false},"author":1,"featured_media":0,"parent":0,"menu_order":0,"comment_status":"closed","ping_status":"closed","template":"","meta":{"_acf_changed":false,"footnotes":""},"class_list":["post-43","page","type-page","status-publish","hentry"],"acf":{"contenu_flexible":[{"acf_fc_layout":"imagetext","image":1173,"text":"<p><strong>La Plateforme Pr\u00e9vention Sida<\/strong> est une association belge francophone travaillant sur la pr\u00e9vention du <strong>VIH-Sida<\/strong> et des autres <strong>Infections Sexuellement Transmissibles (IST)<\/strong> en Wallonie et \u00e0 Bruxelles.<\/p>\n","background_color":false,"link_image":""},{"acf_fc_layout":"text2cols","background_color":false,"title":"","col_left":"<p>Cr\u00e9\u00e9e en 1999, la Plateforme Pr\u00e9vention Sida est une des associations centrales en Belgique dans la pr\u00e9vention du VIH et des IST et dans la lutte contre les discriminations des personnes vivant avec le VIH.<\/p>\n<p>En 2018 s\u2019est op\u00e9r\u00e9 un changement important avec la fusion avec SidAids-Migrants\/SIREAS, le service de pr\u00e9vention des IST\/sida \u00e0 destination des migrants.<\/p>\n<p>La Plateforme Pr\u00e9vention Sida propose un programme de pr\u00e9vention combin\u00e9e du VIH et des autres IST.<br \/>\nLa lutte contre les discriminations envers les personnes vivant avec le VIH est \u00e9galement un th\u00e8me de travail prioritaire pour l&rsquo;association.<\/p>\n","col_right":"<p>La Plateforme Pr\u00e9vention Sida est en charge de <strong>la cr\u00e9ation, de la r\u00e9alisation et de la diffusion des outils et des campagnes de pr\u00e9vention sur les infections sexuellement transmissibles et sur le VIH<\/strong>. Afin de remplir cette mission, elle soutient la concertation des acteurs de la pr\u00e9vention des IST\/VIH et de la promotion de la sant\u00e9 autour des axes \u00e0 d\u00e9velopper dans les campagnes de pr\u00e9vention. Elle veille \u00e9galement \u00e0 \u00eatre pr\u00e9sente sur le terrain pour \u00eatre en contact avec les publics cibles afin de les sensibiliser \u00e0 la pr\u00e9vention et \u00e0 la solidarit\u00e9 envers les personnes vivant avec le VIH.<\/p>\n"},{"acf_fc_layout":"textfull","text":"<h2>Nos objectifs et nos publics cibles<\/h2>\n<h3>Les objectifs g\u00e9n\u00e9raux de l\u2019association peuvent \u00eatre formul\u00e9s de la mani\u00e8re suivante\u00a0:<\/h3>\n<ul>\n<li>Am\u00e9liorer la sant\u00e9 sexuelle des publics cibles de l\u2019association<\/li>\n<li>R\u00e9duire l\u2019incidence et la pr\u00e9valence des IST et en particulier du VIH<\/li>\n<\/ul>\n<p>La Plateforme Pr\u00e9vention Sida vise la population g\u00e9n\u00e9rale, avec une attention particuli\u00e8re envers les jeunes et les jeunes adultes, et envers le public migrant et les personnes vivant avec le VIH et enfin, dans une certaine mesure les HSH (Hommes qui ont des relations sexuelles avec d\u2019autres hommes) pour la cr\u00e9ation et diffusion de messages de pr\u00e9vention.<\/p>\n<p>&nbsp;<\/p>\n<h3>Les objectifs op\u00e9rationnels sont les suivants\u00a0:<\/h3>\n<ul>\n<li>Am\u00e9liorer le niveau d\u2019information et renforcer les aptitudes des populations en mati\u00e8re de sant\u00e9 sexuelle, IST\/VIH, pr\u00e9vention, r\u00e9duction des risques, d\u00e9pistage et traitements.<\/li>\n<li>Renforcer l\u2019acc\u00e8s au mat\u00e9riel de pr\u00e9vention\/r\u00e9duction des risques (pr\u00e9servatifs, lubrifiant, outils d\u2019information, mat\u00e9riel st\u00e9rile de consommation, etc.).<\/li>\n<li>D\u00e9velopper les connaissances et les comp\u00e9tences des professionnel\u00b7les et des relais en contact avec les populations concern\u00e9es et des personnes vivant avec le VIH.<\/li>\n<li>Accro\u00eetre le nombre de personnes connaissant leur statut s\u00e9rologique par un d\u00e9pistage pr\u00e9coce r\u00e9alis\u00e9 dans des conditions ad\u00e9quates.<\/li>\n<li>Faciliter l\u2019entr\u00e9e et le maintien dans les soins, donc in fine r\u00e9duire la charge virale au niveau populationnel.<\/li>\n<li>Plaidoyer et d\u00e9fendre les droits des publics cibles et lutter contre les politiques r\u00e9pressives et les discriminations multiples (s\u00e9rophobie, homo\/bi\/transphobie, sexisme, racisme, etc.).<\/li>\n<\/ul>\n","background_color":false},{"acf_fc_layout":"textfull","text":"<h2>Nos actions<\/h2>\n<h3>La Plateforme Pr\u00e9vention Sida propose :<\/h3>\n<ul>\n<li>Des <a href=\"\/fr\/espace-pro\/\">outils<\/a> de sensibilisation et des <a href=\"\/fr\/espace-pro\/les-activit\u00e9s\/campagnes\">campagnes<\/a> de communication sur le VIH\/sida et sur les IST \u00e0 destination de diff\u00e9rents publics<\/li>\n<li>La diffusion d&rsquo;outils en lien avec la pr\u00e9vention combin\u00e9e (flyers, brochures, pr\u00e9servatifs, etc&#8230; )<\/li>\n<li>De l\u2019information via notre site internet <a href=\"http:\/\/www.preventionsida.org\/\" target=\"_blank\" rel=\"noopener\">preventionsida.org<\/a><\/li>\n<li>Des <a href=\"\/fr\/ressources\/animations-stands\/\">animations <\/a>et des stands en milieu festif, en milieu migrant et communautaire, en milieu scolaire et extrascolaire, dans le secteur de la jeunesse et autres milieux de vie<\/li>\n<li>Un accueil et des activit\u00e9s \u00e0 l\u2019attention des personnes vivant avec le VIH<\/li>\n<li>L\u2019organisation de s\u00e9ances de <a href=\"\/fr\/ressources\/action-test-un-projet-de-depistage-du-vih-et-de-lhepatite-c\/\">d\u00e9pistage rapide du VIH<\/a> \u00e0 l\u2019attention de la communaut\u00e9 migrante<\/li>\n<li>Un soutien \u00e0 la mise en place de projet de pr\u00e9vention<\/li>\n<li>Des actions \u00e9v\u00e9nementielles \u00e0 l\u2019occasion de la Journ\u00e9e Mondiale de Lutte contre le Sida<\/li>\n<li>Des s\u00e9ances de <a href=\"\/fr\/ressources\/formations\/\">formation<\/a> \u00e0 l\u2019attention des acteurs de terrain (sant\u00e9, \u00e9ducation, social, \u2026) sur la sant\u00e9 sexuelle et plus particuli\u00e8rement la pr\u00e9vention des IST et du VIH et de la lutte contre les discriminations<\/li>\n<li>Une \u00e9coute et une r\u00e9orientation des personnes vers les services comp\u00e9tents, pour le d\u00e9pistage, l\u2019acc\u00e8s aux soins, la lutte contre les discriminations,\u2026<\/li>\n<li>Organisation de rencontres-d\u00e9bats, conf\u00e9rences et journ\u00e9es d\u2019\u00e9tude<\/li>\n<\/ul>\n<p>&nbsp;<\/p>\n<table>\n<thead>\n<tr>\n<th>Sur quoi ?<\/th>\n<th>Pour qui ?<\/th>\n<th>Via<\/th>\n<\/tr>\n<\/thead>\n<tbody>\n<tr>\n<td>Sur le pr\u00e9servatif<br \/>\nSur le d\u00e9pistage<br \/>\nSur les traitements<br \/>\nSur la vie avec le VIH<br \/>\nSur les discriminations<\/td>\n<td>Pour le grand public<br \/>\nPour les jeunes<br \/>\nPour les migrants<br \/>\nPour les PVVIH<br \/>\nPour les professionnel\u00b7les<\/td>\n<td>Des affiches<br \/>\nDes brochures<br \/>\nDes jeux p\u00e9dagogiques<br \/>\nDes spots TV et radios<br \/>\nDes expositions et des vid\u00e9os<\/td>\n<\/tr>\n<\/tbody>\n<\/table>\n","background_color":false},{"acf_fc_layout":"textfull","text":"<h2>Nous contacter<\/h2>\n<p><strong>Plateforme Pr\u00e9vention Sida<\/strong><br \/>\n<a href=\"http:\/\/www.preventionsida.org\/\" target=\"_blank\" rel=\"noopener\">www.preventionsida.org<\/a><br \/>\n<a href=\"mailto:info@preventionsida.org\">info@preventionsida.org<\/a><\/p>\n<p>02\/733.72.99<br \/>\nPlace de la Vieille Halle aux Bl\u00e9s, 29<br \/>\n1000 Bruxelles<\/p>\n","background_color":false},{"acf_fc_layout":"doubleblock","content_block_left":"<p><a href=\"https:\/\/www.fwpsante.be\/\"><img loading=\"lazy\" decoding=\"async\" class=\"size-medium wp-image-10270 aligncenter\" src=\"https:\/\/preventionsida.org\/wp-content\/uploads\/2022\/03\/LOGO_Membre_FWPS-1-300x108.png\" alt=\"\" width=\"300\" height=\"108\" srcset=\"https:\/\/preventionsida.org\/wp-content\/uploads\/2022\/03\/LOGO_Membre_FWPS-1-300x108.png 300w, https:\/\/preventionsida.org\/wp-content\/uploads\/2022\/03\/LOGO_Membre_FWPS-1-1024x370.png 1024w, https:\/\/preventionsida.org\/wp-content\/uploads\/2022\/03\/LOGO_Membre_FWPS-1-768x277.png 768w, https:\/\/preventionsida.org\/wp-content\/uploads\/2022\/03\/LOGO_Membre_FWPS-1-1536x555.png 1536w, https:\/\/preventionsida.org\/wp-content\/uploads\/2022\/03\/LOGO_Membre_FWPS-1-2048x740.png 2048w, https:\/\/preventionsida.org\/wp-content\/uploads\/2022\/03\/LOGO_Membre_FWPS-1-500x181.png 500w\" sizes=\"auto, (max-width: 300px) 100vw, 300px\" \/><\/a><\/p>\n","background_color_left":false,"content_block_right":"<p><a href=\"https:\/\/www.fbpsante.brussels\/\"><img loading=\"lazy\" decoding=\"async\" class=\"size-medium wp-image-10268 aligncenter\" src=\"https:\/\/preventionsida.org\/wp-content\/uploads\/2022\/03\/fbps-logo-300x108.png\" alt=\"\" width=\"300\" height=\"108\" srcset=\"https:\/\/preventionsida.org\/wp-content\/uploads\/2022\/03\/fbps-logo-300x108.png 300w, https:\/\/preventionsida.org\/wp-content\/uploads\/2022\/03\/fbps-logo-1024x370.png 1024w, https:\/\/preventionsida.org\/wp-content\/uploads\/2022\/03\/fbps-logo-768x277.png 768w, https:\/\/preventionsida.org\/wp-content\/uploads\/2022\/03\/fbps-logo-1536x555.png 1536w, https:\/\/preventionsida.org\/wp-content\/uploads\/2022\/03\/fbps-logo-2048x740.png 2048w, https:\/\/preventionsida.org\/wp-content\/uploads\/2022\/03\/fbps-logo-500x181.png 500w\" sizes=\"auto, (max-width: 300px) 100vw, 300px\" \/><\/a><\/p>\n","background_color_right":false},{"acf_fc_layout":"textfull","text":"<p><a href=\"http:\/\/www.egalite.cfwb.be\/index.php?id=17863\"><img loading=\"lazy\" decoding=\"async\" class=\"size-medium wp-image-11202 aligncenter\" src=\"https:\/\/preventionsida.org\/wp-content\/uploads\/2023\/01\/2_EVRAS_Web_RVB-300x176.jpg\" alt=\"\" width=\"300\" height=\"176\" srcset=\"https:\/\/preventionsida.org\/wp-content\/uploads\/2023\/01\/2_EVRAS_Web_RVB-300x176.jpg 300w, https:\/\/preventionsida.org\/wp-content\/uploads\/2023\/01\/2_EVRAS_Web_RVB-768x450.jpg 768w, https:\/\/preventionsida.org\/wp-content\/uploads\/2023\/01\/2_EVRAS_Web_RVB-500x293.jpg 500w, https:\/\/preventionsida.org\/wp-content\/uploads\/2023\/01\/2_EVRAS_Web_RVB.jpg 823w\" sizes=\"auto, (max-width: 300px) 100vw, 300px\" \/><\/a><\/p>\n","background_color":false},{"acf_fc_layout":"multiplecol","multiple_title":"L\u2019\u00e9quipe","cols":[{"col_image":9163,"col_title":"Thierry Martin","col_content":"<p><strong>Directeur<br \/>\n<\/strong>Porte-parole, responsable des campagnes m\u00e9dias de la Journ\u00e9e Mondiale de Lutte contre le Sida (le 1er d\u00e9cembre)<br \/>\n<strong><a href=\"mailto:th.martin@preventionsida.org\">th.martin@preventionsida.org<\/a><\/strong><\/p>\n"},{"col_image":9161,"col_title":"Sylvie Dickburt","col_content":"<p><strong>Comptabilit\u00e9 et secr\u00e9tariat<br \/>\n<\/strong>Le lundi, mercredi et le vendredi apr\u00e8s-midi<br \/>\n<strong><a href=\"mailto:s.dickburt@preventionsida.org\">s.dickburt@preventionsida.org<\/a><\/strong><\/p>\n"},{"col_image":false,"col_title":"C\u00e9line Van Rompaye","col_content":"<p><strong>Coordinatrice de la cellule communication,<br \/>\n<\/strong>des projets des campagnes \u00e9t\u00e9 et des actions du 1er d\u00e9cembre \u00e0 Bruxelles<br \/>\n<a href=\"mailto:c.vanrompaye@preventionsida.org\"><b>c.vanrompaye@preventionsida.org<\/b><\/a><\/p>\n"},{"col_image":9168,"col_title":"Godefroi Glibert","col_content":"<p><strong>Responsable des animations de pr\u00e9vention en milieux festifs et autres milieux de vie des jeunes<\/strong><br \/>\n<strong><a href=\"mailto:g.glibert@preventionsida.org\">g.glibert@preventionsida.org<\/a><\/strong><\/p>\n"},{"col_image":9145,"col_title":"Claire Delhove","col_content":"<p><strong>Responsable du projet Actions Plus<\/strong>,<br \/>\ngroupe de communication, de r\u00e9flexion et d\u2019action sur la s\u00e9ropositivit\u00e9.<br \/>\n<strong><a href=\"mailto:c.delhove@preventionsida.org\">c.delhove@preventionsida.org<\/a><\/strong><\/p>\n"},{"col_image":9170,"col_title":"Tresors Kouadio","col_content":"<p><strong>Coordinateur de Cool and Safe,<br \/>\n<\/strong>un projet de sant\u00e9 sexuelle et de d\u00e9pistage \u00e0 destination des communaut\u00e9s issues de la migration<br \/>\n<strong><a href=\"mailto:t.kouadio@preventionsida.org\">t.kouadio@preventionsida.org<\/a><\/strong><\/p>\n"},{"col_image":9172,"col_title":"Gr\u00e2ce Ntunzwenimana","col_content":"<p><strong>Responsable de l\u2019accueil et des projets \u00e0 destination des PVVIH migrants (Mandela)\u00a0<\/strong><a href=\"mailto:g.ntunzwenimana@preventionsida.org\"><br \/>\n<strong>g.ntunzwenimana@preventionsida.org<\/strong><\/a><\/p>\n"},{"col_image":9147,"col_title":"Emilie G\u00e9rard","col_content":"<p><strong>Responsable de la cellule appui (\u00e9valuation des besoins) et r\u00e9f\u00e9rent PrEP pour les communaut\u00e9s\u00a0issues de la migration<\/strong><a href=\"mailto:e.gerard@preventionsida.org\"><br \/>\n<strong>e.gerard@preventionsida.org<\/strong><\/a><\/p>\n"},{"col_image":14218,"col_title":"Christopher Luyindula","col_content":"<p><strong>Responsable des animations de pr\u00e9vention en milieux festifs et autres milieux de vie des jeunes<\/strong><a href=\"mailto:c.luyindula@preventionsida.org\"><br \/>\n<strong>c.luyindula@preventionsida.org<\/strong><\/a><\/p>\n"},{"col_image":15179,"col_title":"Caroline Dilbeck","col_content":"<p><strong>Infographiste \/ Websites<br \/>\n<a href=\"mailto:c.dilbeck@preventionsida.org\">c.dilbeck@preventionsida.org<\/a><\/strong><\/p>\n"},{"col_image":9153,"col_title":"La\u00ebtitia Bohy","col_content":"<p><strong>Animatrice Cool and Safe<br \/>\n<\/strong>Responsable des animations et des actions de terrain \u00e0 destination des communaut\u00e9s issues de la migration en Wallonie<strong><br \/>\n<a href=\"mailto:l.bohy@preventionsida.org\">l.bohy@preventionsida.org<\/a><br \/>\n<\/strong><\/p>\n"},{"col_image":9526,"col_title":"Claudia Robles","col_content":"<p><strong>Infirmi\u00e8re pour le projet Action Test,<\/strong><br \/>\nle projet de d\u00e9pistage d\u00e9centralis\u00e9 \u00e0 destination des communaut\u00e9s issues de la migration en R\u00e9gion de Bruxelles Capitale<br \/>\n<a href=\"mailto:c.robles@preventionsida.org\"><strong>c.robles@preventionsida.org<\/strong><\/a><\/p>\n"},{"col_image":14215,"col_title":"Sarah Hassan ","col_content":"<p><b>Digital Ninja<\/b><br \/>\nCommunication et\u00a0cr\u00e9ation de contenu pour les r\u00e9seaux sociaux (Instagram, TikTok, Facebook et Youtube)<br \/>\n<a href=\"mailto:s.hassan@preventionsida.org\"><strong>s.hassan@preventionsida.org<\/strong><\/a><\/p>\n"},{"col_image":14220,"col_title":"Saharou Doucoure (Malick)","col_content":"<p class=\"\"><strong>Animateur Cool and safe,<br \/>\n<\/strong>Responsable des animations et des actions de terrain \u00e0 destination des communaut\u00e9s issues de la migration \u00e0 Bruxelles<br \/>\n<a href=\"mailto:s.doucoure@preventionsida.org\"><strong>s.doucoure@preventionsida.org<\/strong><\/a><\/p>\n"},{"col_image":14356,"col_title":"Ethan Guifo","col_content":"<p><strong>Responsable de \u00ab\u00a0HSH&amp;Safe\u00a0\u00bb,<\/strong><br \/>\nUn projet de sensibilisation et d\u2019animation en sant\u00e9 sexuelle \u00e0 l\u2019attention des hommes issus de la migration ayant des relations sexuelles avec d\u2018autres hommes<br \/>\n<strong><a href=\"mailto:e.guifo@preventionsida.org\">e.guifo@preventionsida.org<\/a><\/strong><\/p>\n"},{"col_image":15182,"col_title":"Jaber Daoudi","col_content":"<p><strong>Responsable des animations de pr\u00e9vention en milieux festifs et autres milieux de vie des jeunes<br \/>\n<a href=\"mailto:j.daoudi@preventionsida.org\">j.daoudi@preventionsida.org<\/a><\/strong><\/p>\n"}],"nb_items":""}],"sidebar":211},"_links":{"self":[{"href":"https:\/\/preventionsida.org\/fr\/wp-json\/wp\/v2\/pages\/43","targetHints":{"allow":["GET"]}}],"collection":[{"href":"https:\/\/preventionsida.org\/fr\/wp-json\/wp\/v2\/pages"}],"about":[{"href":"https:\/\/preventionsida.org\/fr\/wp-json\/wp\/v2\/types\/page"}],"author":[{"embeddable":true,"href":"https:\/\/preventionsida.org\/fr\/wp-json\/wp\/v2\/users\/1"}],"replies":[{"embeddable":true,"href":"https:\/\/preventionsida.org\/fr\/wp-json\/wp\/v2\/comments?post=43"}],"version-history":[{"count":52,"href":"https:\/\/preventionsida.org\/fr\/wp-json\/wp\/v2\/pages\/43\/revisions"}],"predecessor-version":[{"id":15665,"href":"https:\/\/preventionsida.org\/fr\/wp-json\/wp\/v2\/pages\/43\/revisions\/15665"}],"wp:attachment":[{"href":"https:\/\/preventionsida.org\/fr\/wp-json\/wp\/v2\/media?parent=43"}],"curies":[{"name":"wp","href":"https:\/\/api.w.org\/{rel}","templated":true}]}}