{"id":1042,"date":"2019-09-18T13:34:45","date_gmt":"2019-09-18T11:34:45","guid":{"rendered":"https:\/\/preventionsida.org\/?page_id=1042"},"modified":"2025-05-28T09:00:10","modified_gmt":"2025-05-28T07:00:10","slug":"contacts-utiles-tpe","status":"publish","type":"page","link":"https:\/\/preventionsida.org\/fr\/contacts-utiles\/contacts-utiles-tpe\/","title":{"rendered":"TPE"},"content":{"rendered":"","protected":false},"excerpt":{"rendered":"","protected":false},"author":1,"featured_media":0,"parent":35,"menu_order":0,"comment_status":"closed","ping_status":"closed","template":"","meta":{"_acf_changed":false,"footnotes":""},"class_list":["post-1042","page","type-page","status-publish","hentry"],"acf":{"sidebar":211,"contenu_flexible":[{"acf_fc_layout":"text2cols","background_color":false,"title":"CENTRES DE REFERENCE VIH","col_left":"<p><a href=\"http:\/\/www.chu-charleroi.be\/disciplines-medicales\/clinique-des-maladies-infectieuses\" target=\"_blank\" rel=\"noopener\"><strong>Centre de r\u00e9f\u00e9rence du CHU Charleroi<\/strong><\/a><strong><br \/>\n<\/strong>Chauss\u00e9e de Bruxelles, 140<br \/>\n6042 Lodelinsart<br \/>\n07-192.23.07<\/p>\n<p><a href=\"http:\/\/www.saintluc.be\/services\/medicaux\/vih\/index.php\" target=\"_blank\" rel=\"noopener\"><strong>Centre de r\u00e9f\u00e9rence de l\u2019UCL <\/strong><\/a><br \/>\n<strong>H\u00f4pital St-Luc<br \/>\n<\/strong>Avenue Hippocrate, 10<br \/>\n1200 Bruxelles<br \/>\n02\/764.16.02 (urgence) ou 02\/764.19. 02<\/p>\n<p><a href=\"https:\/\/www.stpierre-bru.be\/service\/maladies-infectieuses\/centre-mia\/\" target=\"_blank\" rel=\"noopener\"><strong>CHU St-Pierre \u2013 Site Porte de Hal<\/strong><\/a><strong><br \/>\n<\/strong>322 rue Haute \u00e0 1000 Bruxelles<br \/>\nB\u00e2timent 900 (ancien Cetim)<br \/>\n02\/535.31.77<\/p>\n<p><a href=\"http:\/\/www.chu.ulg.ac.be\/jcms\/c_11118\/centre-de-reference-sida\" target=\"_blank\" rel=\"noopener\"><strong>Centre de r\u00e9f\u00e9rence du CHU de Li\u00e8ge<\/strong><\/a><strong><br \/>\n<\/strong>Quai Godefroid Kurth, 45<br \/>\n4020 Li\u00e8ge (5\u00e8me \u00e9tage)<br \/>\n04\/270.31. 90<\/p>\n<p><a href=\"http:\/\/www.erasme.ulb.ac.be\/page.asp?id=14169&amp;langue=FR\" target=\"_blank\" rel=\"noopener\"><strong>Centre de r\u00e9f\u00e9rence de l\u2019H\u00f4pital Erasme<\/strong><\/a><strong><br \/>\n<\/strong>Route de Lennik, 501<br \/>\n1070 Bruxelles<br \/>\n02\/555.74.84<\/p>\n<p><strong>Centre de r\u00e9f\u00e9rence du CHU Dinant Godinne UCL Namur<br \/>\n<\/strong>Avenue Gaston Th\u00e9rasse, 1<br \/>\n5530 Yvoir<br \/>\nSecr\u00e9tariat : 081\/42.20.81<\/p>\n<p><strong>Centre de r\u00e9f\u00e9rence de l\u2019UZ VUB<br \/>\n<\/strong>UZ Brussel \u2013 Campus Jette<br \/>\nAvenue du Laerbeek, 101<br \/>\n1090 Jette<br \/>\n02\/477.60.01<\/p>\n<p><strong>CHU HELORA<br \/>\n<\/strong>Boulevard Kennedy, 2<br \/>\n7000 Mons<br \/>\n06\/541.41.85<\/p>\n<p><strong>Centre de r\u00e9f\u00e9rence de l\u2019UZ Gent<br \/>\n<\/strong>De Pintelaan, 185<br \/>\n(entr\u00e9e par Corneel Heymanslaan)<br \/>\n9000 Gent<br \/>\n09\/332.23.50<\/p>\n<p><strong>Centre de r\u00e9f\u00e9rence de l\u2019UZ Leuven (Campus Gasthuisberg)<br \/>\n<\/strong>Herestraat, 49<br \/>\n3000 Leuven<br \/>\n016\/34.42.75<\/p>\n","col_right":"<p><a href=\"http:\/\/www.itg.be\/itg\/generalsite\/Default.aspx?L=F&amp;WPID=&amp;miid=\" target=\"_blank\" rel=\"noopener\"><strong>Centre de r\u00e9f\u00e9rence de l\u2019institut de m\u00e9decine tropicale<\/strong><\/a><strong>\u00a0(HIV-SOA Polikliniek)<br \/>\n<\/strong>Kronenburgstraat, 43\/3<br \/>\n2000 Antwerpen<br \/>\n03\/247.64.55<\/p>\n<p><strong>Centre de R\u00e9f\u00e9rence de l\u2019UZ Antwerpen (Edegem)<\/strong><br \/>\nWilrijkstraat, 10<br \/>\n2650 Edegem<br \/>\n03\/821.51.53<br \/>\nNuit et weekend : 03\/821.52.50<\/p>\n<p><strong>Centre de R\u00e9f\u00e9rence de l\u2019AZ ZNA Middelheim (Antwerpen)<\/strong><br \/>\nLindendreef, 1<br \/>\n2020 Antwerpen<br \/>\n03\/280.31.11<\/p>\n<p><strong>Centre de R\u00e9f\u00e9rence de l\u2019AZ ZNA Stuivenberg (Antwerpen)<\/strong><br \/>\nLange Beeldekensstraat, 267<br \/>\n2060 Antwerpen<br \/>\n03\/217.71.11<\/p>\n<p><strong><a href=\"https:\/\/www.azsintjan.be\/hiv-referentiecentrum#:~:text=Het%20AZ%20Sint-Jan%20Brugge,psychische%2C%20sociale%20en%20emotionele%20ondersteuning\">Centre de R\u00e9f\u00e9rence de l\u2019AZ Sint-Jan (Brugge)<\/a><br \/>\n<\/strong>Rudderhove, 10<br \/>\n8000 Brugge<br \/>\n050\/45.23.12<\/p>\n<p><strong>Ziekenhuis Oost-Limburg (Campus Andr\u00e9 Dumont)<\/strong><br \/>\nStalenstraat, 2<br \/>\n9600 Genk<br \/>\n089\/32.55.32<br \/>\nVoor afspraak : 050\/45.23.20<br \/>\nHIV-verpleegkundige : 050\/45.23.12<\/p>\n<p><strong>Centre de r\u00e9f\u00e9rence du Jessa Hospital d\u2019Hasselt (Campus Virga Jesse)<\/strong><br \/>\nStadsomvaart, 11<br \/>\n3500 Hasselt<br \/>\n011\/33.55.11<\/p>\n<p><strong>Jan Yperman Ziekenhuis (Ieper)<\/strong><br \/>\nBriekestraat, 12<br \/>\n8900 Ieper<br \/>\n057\/35.71.80<\/p>\n<p>&nbsp;<\/p>\n"},{"acf_fc_layout":"text2cols","background_color":false,"title":"H\u00d4PITAUX","col_left":"<p><a href=\"https:\/\/www.vivalia.be\/institution\/hopital-d-arlon\" target=\"_blank\" rel=\"noopener\"><strong>H\u00f4pital d&rsquo;Arlon<\/strong><\/a><br \/>\nRue des D\u00e9port\u00e9s, 137<br \/>\n6300 Arlon<br \/>\n063\/23.13.86<\/p>\n<p><strong><a href=\"https:\/\/www.vivalia.be\/institution\/hopital-de-libramont\" target=\"_blank\" rel=\"noopener\">H\u00f4pital de Libramont<\/a><\/strong><br \/>\nAvenue de Houffalize, 35<br \/>\n6800 Libramont-Chevigny<br \/>\n063\/23.13.86<\/p>\n<p><a href=\"https:\/\/www.chuliege.be\/jcms\/m2_16988141\/fr\/site-du-sart-tilman\" target=\"_blank\" rel=\"noopener\"><strong>CHU &#8211; Sart Tilman<\/strong><\/a><br \/>\nAvenue de l&rsquo;H\u00f4pital, 1<br \/>\n4000 Li\u00e8ge<br \/>\n04\/323.52.00<\/p>\n<p><strong><a href=\"https:\/\/www.chuliege.be\/jcms\/c2_17079292\/fr\/site-nd-bruyeres\" target=\"_blank\" rel=\"noopener\">CHU &#8211; Site des Bruy\u00e8res (Ch\u00eanet)<\/a><\/strong><br \/>\nRue de Gaillarmont, 600<br \/>\n4030 Li\u00e8ge<br \/>\n04\/323.52.11<\/p>\n","col_right":"<p><a href=\"https:\/\/www.chuuclnamur.be\/\" target=\"_blank\" rel=\"noopener\"><strong>Clinique Sainte-Elisabeth<\/strong><\/a><br \/>\nPlace Louise Godin, 15<br \/>\n5000 Namur<br \/>\n081\/72.04.11<\/p>\n<p><a href=\"https:\/\/www.isppc.be\/chu-de-charleroi\/nos-sites-hospitaliers\/hopital-andre-vesale\/\" target=\"_blank\" rel=\"noopener\"><strong>H\u00f4pital Andr\u00e9 V\u00e9sale<\/strong><\/a><br \/>\nRue de Goz\u00e9e, 706<br \/>\n6110 Montigny-le-Tilleul<br \/>\n071\/92.15.11<\/p>\n<p><a href=\"https:\/\/www.vivalia.be\/institution\/hopital-de-bastogne\" target=\"_blank\" rel=\"noopener\"><strong>H\u00f4pital de Bastogne<\/strong><\/a><br \/>\nChauss\u00e9e de Houffalize, 1<br \/>\n6600 Bastogne<br \/>\n061\/24.01.11<\/p>\n<p><a href=\"https:\/\/www.vivalia.be\/institution\/hopital-de-marche\" target=\"_blank\" rel=\"noopener\"><strong>H\u00f4pital de Marche<\/strong><\/a><br \/>\nRue du Vivier, 21<br \/>\n6900 Marche-en-Famenne<br \/>\n084\/21.91.24<\/p>\n"}]},"_links":{"self":[{"href":"https:\/\/preventionsida.org\/fr\/wp-json\/wp\/v2\/pages\/1042","targetHints":{"allow":["GET"]}}],"collection":[{"href":"https:\/\/preventionsida.org\/fr\/wp-json\/wp\/v2\/pages"}],"about":[{"href":"https:\/\/preventionsida.org\/fr\/wp-json\/wp\/v2\/types\/page"}],"author":[{"embeddable":true,"href":"https:\/\/preventionsida.org\/fr\/wp-json\/wp\/v2\/users\/1"}],"replies":[{"embeddable":true,"href":"https:\/\/preventionsida.org\/fr\/wp-json\/wp\/v2\/comments?post=1042"}],"version-history":[{"count":18,"href":"https:\/\/preventionsida.org\/fr\/wp-json\/wp\/v2\/pages\/1042\/revisions"}],"predecessor-version":[{"id":15656,"href":"https:\/\/preventionsida.org\/fr\/wp-json\/wp\/v2\/pages\/1042\/revisions\/15656"}],"up":[{"embeddable":true,"href":"https:\/\/preventionsida.org\/fr\/wp-json\/wp\/v2\/pages\/35"}],"wp:attachment":[{"href":"https:\/\/preventionsida.org\/fr\/wp-json\/wp\/v2\/media?parent=1042"}],"curies":[{"name":"wp","href":"https:\/\/api.w.org\/{rel}","templated":true}]}}